{"id":567,"date":"2017-06-02T14:27:39","date_gmt":"2017-06-02T17:27:39","guid":{"rendered":"http:\/\/www.oesutnrosario.org\/?page_id=567"},"modified":"2024-04-15T00:28:49","modified_gmt":"2024-04-15T03:28:49","slug":"equipo","status":"publish","type":"page","link":"http:\/\/oesutnrosario.org\/sitio\/equipo\/","title":{"rendered":"EQUIPO"},"content":{"rendered":"<div class=\"cols-wrapper cols-4\">\n<div class=\"col\">\n<p><img loading=\"lazy\" decoding=\"async\" class=\"aligncenter wp-image-186 size-full\" src=\"http:\/\/www.oesutnrosario.org\/wp-content\/uploads\/2017\/04\/1.BERTINAT_Pablo_Circle.png\" alt=\"\" width=\"110\" height=\"110\" \/><\/p>\n<div style=\"font-family: 'Montserrat', sans-serif; text-align: center; font-size: 16px; font-weight: 600;\">Pablo BERTINAT<\/div>\n<p><a href=\"mailto:pablobertinat@gmail.com?Subject=Contacto desde Sitio Web OES\"><img loading=\"lazy\" decoding=\"async\" class=\"aligncenter size-full wp-image-129\" src=\"http:\/\/www.oesutnrosario.org\/wp-content\/uploads\/2017\/04\/mail.png\" alt=\"\" width=\"32\" height=\"32\" \/><\/a><\/p>\n<div style=\"font-family: 'Montserrat', sans-serif; font-size: 12px; font-weight: 300; text-align: center;\">Profesor Titular Dedicaci\u00f3n Exclusiva de Fuentes No Convencionales de Energ\u00eda (UTN FRRo). Director del Observatorio de Energ\u00eda y Sustentabilidad (OES UTN FRRo).Docente de posgrado en diversas Universidades. Investigador y director de proyectos de investigaci\u00f3n.Autor de diversos libros y art\u00edculos. Es consultor de organizaciones,gobiernos y movimientos sociales sobre temas de energ\u00eda y sustentabilidad.<\/div>\n<\/div>\n<div class=\"col\">\n<p><img loading=\"lazy\" decoding=\"async\" class=\"aligncenter wp-image-183 size-full\" src=\"http:\/\/www.oesutnrosario.org\/wp-content\/uploads\/2017\/04\/3.SALERNO_Juan_Circle.png\" alt=\"\" width=\"110\" height=\"110\" \/><\/p>\n<div style=\"font-family: 'Montserrat', sans-serif; text-align: center; font-size: 16px; font-weight: 600;\">Juan SALERNO<\/div>\n<p><a href=\"mailto:juansalerno63@hotmail.com?Subject=Contacto desde Sitio Web OES\"><img loading=\"lazy\" decoding=\"async\" class=\"aligncenter size-full wp-image-129\" src=\"http:\/\/www.oesutnrosario.org\/wp-content\/uploads\/2017\/04\/mail.png\" alt=\"\" width=\"32\" height=\"32\" \/><\/a><\/p>\n<div style=\"font-family: 'Montserrat', sans-serif; text-align: center; font-size: 12px; font-weight: 300;\">Ingeniero Electricista. Docente Ordinario C\u00e1tedras Instrumentos y Mediciones El\u00e9ctricas y Electromedicina UTN-FRRo. Coordinador de Gesti\u00f3n del OES. Investigador Categor\u00eda III. Director Proyectos de Investigaci\u00f3n. Especializado en Energ\u00eda E\u00f3lica. Auditor General del Sistema SMEC &#8211; CAMMESA<\/div>\n<\/div>\n<div class=\"col\">\n<p><img loading=\"lazy\" decoding=\"async\" class=\"aligncenter wp-image-492 size-full\" src=\"http:\/\/www.oesutnrosario.org\/wp-content\/uploads\/2017\/04\/5.CHEMES_Jorge_Circle.png\" alt=\"\" width=\"110\" height=\"110\" \/><\/p>\n<div style=\"font-family: 'Montserrat', sans-serif; text-align: center; font-size: 16px; font-weight: 600;\">Jorge CHEMES<\/div>\n<div class=\"cols-wrapper cols-2\">\n<div class=\"col\"><a href=\"mailto:chemesj@gmail.com?Subject=Contacto desde Sitio Web OES\"><img loading=\"lazy\" decoding=\"async\" class=\"aligncenter size-full wp-image-129\" src=\"http:\/\/www.oesutnrosario.org\/wp-content\/uploads\/2017\/04\/mail.png\" alt=\"\" width=\"32\" height=\"32\" \/><\/a><\/div>\n<div class=\"col nomargin\"><a href=\"https:\/\/www.linkedin.com\/in\/jorgechemes\/\" target=\"_blank\" rel=\"noopener noreferrer\"><img loading=\"lazy\" decoding=\"async\" class=\"aligncenter size-full wp-image-131\" src=\"http:\/\/www.oesutnrosario.org\/wp-content\/uploads\/2017\/04\/linkedin.png\" alt=\"\" width=\"32\" height=\"32\" \/><\/a><\/div>\n<\/div>\n<div style=\"font-family: 'Montserrat', sans-serif; font-size: 12px; font-weight: 300; text-align: center;\">Ingeniero Electricista. Docente de la c\u00e1tedra Fuentes no Convencionales de Energ\u00eda (UTN \u2013 FRRO). Miembro del equipo de energ\u00eda y tecnolog\u00edas apropiadas en CIDEP. Consultor en proyectos de Uni\u00f3n Europea. Director de Proyectos en la consultora Enervida, Ingenier\u00eda para una vida sustentable. Ha desarrollado experiencia en el dise\u00f1o de sistemas ambientales sustentables y dictando cursos sobre energ\u00edas en diversos \u00e1mbitos.<\/div>\n<\/div>\n<div class=\"col nomargin\">\n<p><img loading=\"lazy\" decoding=\"async\" class=\"aligncenter wp-image-181 size-full\" src=\"http:\/\/www.oesutnrosario.org\/wp-content\/uploads\/2017\/04\/4.VALLET_Estanislao_Circle.png\" alt=\"\" width=\"110\" height=\"110\" \/><\/p>\n<div style=\"font-family: 'Montserrat', sans-serif; text-align: center; font-size: 16px; font-weight: 600;\">Estanislao VALLET<\/div>\n<div class=\"cols-wrapper cols-2\">\n<div class=\"col\"><a href=\"mailto:emvallet@hotmail.com?Subject=Contacto desde Sitio Web OES\"><img loading=\"lazy\" decoding=\"async\" class=\"aligncenter size-full wp-image-129\" src=\"http:\/\/www.oesutnrosario.org\/wp-content\/uploads\/2017\/04\/mail.png\" alt=\"\" width=\"32\" height=\"32\" \/><\/a><\/div>\n<div class=\"col nomargin\"><a href=\"https:\/\/www.linkedin.com\/in\/estanislao-vallet-ab9078124\/\" target=\"_blank\" rel=\"noopener noreferrer\"><img loading=\"lazy\" decoding=\"async\" class=\"aligncenter size-full wp-image-131\" src=\"http:\/\/www.oesutnrosario.org\/wp-content\/uploads\/2017\/04\/linkedin.png\" alt=\"\" width=\"32\" height=\"32\" \/><\/a><\/div>\n<\/div>\n<div style=\"font-family: 'Montserrat', sans-serif; font-size: 12px; font-weight: 300; text-align: center;\">Ingeniero Electricista. Docente de la c\u00e1tedra \u00abGeneraci\u00f3n, Transmisi\u00f3n y Distribuci\u00f3n de la Energ\u00eda El\u00e9ctrica\u00bb (UTN FRRO). Empleado en Empresa Provincial de la Energ\u00eda de Santa Fe (Unidad Ing. de Operaci\u00f3n). Ha desarrollado experiencia en modelado y estudios de redes el\u00e9ctricas. Adem\u00e1s, en el dictado de cursos de capacitaci\u00f3n en conjunto con la Subsecretar\u00eda de Energ\u00edas Renovables de la Provincia de Santa Fe.<\/div>\n<\/div>\n<\/div>\n<div class=\"cols-wrapper cols-4\">\n<div class=\"col\">\n<p><img loading=\"lazy\" decoding=\"async\" class=\"aligncenter wp-image-511 size-full\" src=\"http:\/\/www.oesutnrosario.org\/wp-content\/uploads\/2017\/04\/6.ARRANIA_Ignacio_Circle.png\" alt=\"\" width=\"110\" height=\"110\" \/><\/p>\n<div style=\"font-family: 'Montserrat', sans-serif; text-align: center; font-size: 16px; font-weight: 600;\">Ignacio\u00a0ARRA\u00d1A<\/div>\n<div class=\"cols-wrapper cols-2\">\n<div class=\"col\"><a href=\"mailto:ignacioarrana@gmail.com?Subject=Contacto desde Sitio Web OES\"><img loading=\"lazy\" decoding=\"async\" class=\"aligncenter size-full wp-image-129\" src=\"http:\/\/www.oesutnrosario.org\/wp-content\/uploads\/2017\/04\/mail.png\" alt=\"\" width=\"32\" height=\"32\" \/><\/a><\/div>\n<div class=\"col nomargin\"><a href=\"https:\/\/ar.linkedin.com\/in\/ignacioarrana\" target=\"_blank\" rel=\"noopener noreferrer\"><img loading=\"lazy\" decoding=\"async\" class=\"aligncenter size-full wp-image-131\" src=\"http:\/\/www.oesutnrosario.org\/wp-content\/uploads\/2017\/04\/linkedin.png\" alt=\"\" width=\"32\" height=\"32\" \/><\/a><\/div>\n<\/div>\n<div style=\"font-family: 'Montserrat', sans-serif; font-size: 12px; font-weight: 300; text-align: center;\">Ingeniero Electricista. Docente de la c\u00e1tedra Teor\u00eda de los Campos (UTN \u2013 FRRO) y Fuentes no convencionales de energ\u00eda (UTN \u2013 FRRO). Coordinador de la Red de Ciudades Solares en Argentina. Integrante del \u00e1rea Energ\u00eda dentro de la ONG \u201cTaller Ecologista\u201d. Proyectista en la consultora Enervida, Ingenier\u00eda para una vida sustentable.<\/div>\n<\/div>\n<div class=\"col\">\n<p><img loading=\"lazy\" decoding=\"async\" class=\"aligncenter wp-image-512 size-full\" src=\"http:\/\/www.oesutnrosario.org\/wp-content\/uploads\/2017\/04\/7.DI_RUSCIO_Nicolas_Circle.png\" alt=\"\" width=\"110\" height=\"110\" \/><\/p>\n<div style=\"font-family: 'Montserrat', sans-serif; text-align: center; font-size: 16px; font-weight: 600;\">Nicol\u00e1s\u00a0DI RUSCIO<\/div>\n<div class=\"cols-wrapper cols-2\">\n<div class=\"col\"><a href=\"mailto:nicolasdr@live.com?Subject=Contacto desde Sitio Web OES\"><img loading=\"lazy\" decoding=\"async\" class=\"aligncenter size-full wp-image-129\" src=\"http:\/\/www.oesutnrosario.org\/wp-content\/uploads\/2017\/04\/mail.png\" alt=\"\" width=\"32\" height=\"32\" \/><\/a><\/div>\n<div class=\"col nomargin\"><a href=\"https:\/\/www.linkedin.com\/in\/nicolas-di-ruscio-802a964a\/\" target=\"_blank\" rel=\"noopener noreferrer\"><img loading=\"lazy\" decoding=\"async\" class=\"aligncenter size-full wp-image-131\" src=\"http:\/\/www.oesutnrosario.org\/wp-content\/uploads\/2017\/04\/linkedin.png\" alt=\"\" width=\"32\" height=\"32\" \/><\/a><\/div>\n<\/div>\n<div style=\"font-family: 'Montserrat', sans-serif; text-align: center; font-size: 12px; font-weight: 300;\">Ingeniero Electricista. Docente de la c\u00e1tedra M\u00e1quinas El\u00e9ctricas 2 (UTN \u2013 FRRO) y Movilidad El\u00e9ctrica (UTN \u2013 FRRO). Especializado en Energ\u00eda Solar T\u00e9rmica y Fotovoltaica y Calefacci\u00f3n con Biomasa, con una trayectoria en dise\u00f1o, construcci\u00f3n e instalaci\u00f3n de dispositivos solares t\u00e9rmicos. Ha dictado capacitaciones y participado de numerosos eventos sobre tecnolog\u00eda solar tanto en el \u00e1mbito educativo b\u00e1sico como universitario. Gran aficionado del Software Libre y de las tecnolog\u00edas apropiadas.<\/div>\n<\/div>\n<div class=\"col\">\n<p><img loading=\"lazy\" decoding=\"async\" class=\"aligncenter wp-image-184 size-full\" src=\"http:\/\/www.oesutnrosario.org\/wp-content\/uploads\/2017\/04\/2.ABRAHAM_Ezequiel_Circle.png\" alt=\"\" width=\"110\" height=\"110\" \/><\/p>\n<div style=\"font-family: 'Montserrat', sans-serif; text-align: center; font-size: 16px; font-weight: 600;\">Ezequiel ABRAHAM<\/div>\n<div class=\"cols-wrapper cols-2\">\n<div class=\"col\"><a href=\"mailto:eze.abraham@gmail.com?Subject=Contacto desde Sitio Web OES\"><img loading=\"lazy\" decoding=\"async\" class=\"aligncenter size-full wp-image-129\" src=\"http:\/\/www.oesutnrosario.org\/wp-content\/uploads\/2017\/04\/mail.png\" alt=\"\" width=\"32\" height=\"32\" \/><\/a><\/div>\n<div class=\"col nomargin\"><a href=\"https:\/\/www.linkedin.com\/in\/ezequiel-abraham-97769a58\/\" target=\"_blank\" rel=\"noopener noreferrer\"><img loading=\"lazy\" decoding=\"async\" class=\"aligncenter size-full wp-image-131\" src=\"http:\/\/www.oesutnrosario.org\/wp-content\/uploads\/2017\/04\/linkedin.png\" alt=\"\" width=\"32\" height=\"32\" \/><\/a><\/div>\n<\/div>\n<div style=\"font-family: 'Montserrat', sans-serif; font-size: 12px; font-weight: 300; text-align: center;\">Ingeniero en Sistemas de Informaci\u00f3n. Especializado en Infraestructura Tecnol\u00f3gica. Auxiliar en Departamento Ing. Mec\u00e1nica (UTN FRRo).<\/div>\n<\/div>\n<div class=\"col nomargin\">\n<p><img loading=\"lazy\" decoding=\"async\" class=\"aligncenter wp-image-513 size-full\" src=\"http:\/\/www.oesutnrosario.org\/wp-content\/uploads\/2017\/04\/8.ZELASCHI_Federico_Circle.png\" alt=\"\" width=\"110\" height=\"110\" \/><\/p>\n<div style=\"font-family: 'Montserrat', sans-serif; text-align: center; font-size: 16px; font-weight: 600;\">Federico\u00a0ZELASCHI<\/div>\n<div class=\"cols-wrapper cols-2\">\n<div class=\"col\"><a href=\"mailto:zelaschifederico@gmail.com?Subject=Contacto desde Sitio Web OES\"><img loading=\"lazy\" decoding=\"async\" class=\"aligncenter size-full wp-image-129\" src=\"http:\/\/www.oesutnrosario.org\/wp-content\/uploads\/2017\/04\/mail.png\" alt=\"\" width=\"32\" height=\"32\" \/><\/a><\/div>\n<div class=\"col nomargin\"><a href=\"https:\/\/www.linkedin.com\/in\/federico-zelaschi-aa00558b\/\" target=\"_blank\" rel=\"noopener noreferrer\"><img loading=\"lazy\" decoding=\"async\" class=\"aligncenter size-full wp-image-131\" src=\"http:\/\/www.oesutnrosario.org\/wp-content\/uploads\/2017\/04\/linkedin.png\" alt=\"\" width=\"32\" height=\"32\" \/><\/a><\/div>\n<\/div>\n<div style=\"font-family: 'Montserrat', sans-serif; font-size: 12px; font-weight: 300; text-align: center;\">Ingeniero Electricista, especializado en Energ\u00eda E\u00f3lica. Docente de la c\u00e1tedra Fuentes no convencionales de energ\u00eda (UTN \u2013 FRRO). Analista t\u00e9cnico en Gesti\u00f3n de Mantenimiento en Transener SA.<\/div>\n<\/div>\n<\/div>\n<div class=\"cols-wrapper cols-4\">\n<div class=\"col\">\n<p><img loading=\"lazy\" decoding=\"async\" class=\"aligncenter size-full wp-image-645\" src=\"http:\/\/www.oesutnrosario.org\/wp-content\/uploads\/2017\/06\/9.FERNANDEZ_Fernando_Circle.png\" alt=\"\" width=\"110\" height=\"110\" \/><\/p>\n<div style=\"font-family: 'Montserrat', sans-serif; text-align: center; font-size: 16px; font-weight: 600;\">Fernando FERN\u00c1NDEZ<\/div>\n<div class=\"cols-wrapper cols-2\">\n<div class=\"col\"><a href=\"mailto:fernandofernandez_g@yahoo.com.ar?Subject=Contacto desde Sitio Web OES\"><img loading=\"lazy\" decoding=\"async\" class=\"aligncenter size-full wp-image-129\" src=\"http:\/\/www.oesutnrosario.org\/wp-content\/uploads\/2017\/04\/mail.png\" alt=\"\" width=\"32\" height=\"32\" \/><\/a><\/div>\n<div class=\"col nomargin\"><a href=\"mailto:fernandofernandezghiso@gmail.com?Subject=Contacto desde Sitio Web OES\"><img loading=\"lazy\" decoding=\"async\" class=\"aligncenter size-full wp-image-129\" src=\"http:\/\/www.oesutnrosario.org\/wp-content\/uploads\/2017\/04\/mail.png\" alt=\"\" width=\"32\" height=\"32\" \/><\/a><\/div>\n<\/div>\n<div style=\"font-family: 'Montserrat', sans-serif; font-size: 12px; font-weight: 300; text-align: center;\">Ingeniero Electricista. Desarrollando tareas en proyectos de e\u00f3lica, solar fotovoltaica y generaci\u00f3n distribuida.<\/div>\n<\/div>\n<div class=\"col\">\n<p><img loading=\"lazy\" decoding=\"async\" class=\"aligncenter wp-image-518 size-full\" src=\"http:\/\/www.oesutnrosario.org\/wp-content\/uploads\/2017\/04\/10.FRATTIN_Paulo_Circle.png\" alt=\"\" width=\"110\" height=\"110\" \/><\/p>\n<div style=\"font-family: 'Montserrat', sans-serif; text-align: center; font-size: 16px; font-weight: 600;\">Paulo FRATTIN<\/div>\n<div class=\"cols-wrapper cols-2\">\n<div class=\"col\"><a href=\"mailto:pgfrattin@hotmail.com?Subject=Contacto desde Sitio Web OES\"><img loading=\"lazy\" decoding=\"async\" class=\"aligncenter size-full wp-image-129\" src=\"http:\/\/www.oesutnrosario.org\/wp-content\/uploads\/2017\/04\/mail.png\" alt=\"\" width=\"32\" height=\"32\" \/><\/a><\/div>\n<div class=\"col nomargin\"><a href=\"https:\/\/www.linkedin.com\/in\/paulo-frattin-29954870\/\" target=\"_blank\" rel=\"noopener noreferrer\"><img loading=\"lazy\" decoding=\"async\" class=\"aligncenter size-full wp-image-131\" src=\"http:\/\/www.oesutnrosario.org\/wp-content\/uploads\/2017\/04\/linkedin.png\" alt=\"\" width=\"32\" height=\"32\" \/><\/a><\/div>\n<\/div>\n<div style=\"font-family: 'Montserrat', sans-serif; text-align: center; font-size: 12px; font-weight: 300;\">Ingeniero Electricista. Adscripto a la C\u00e1tedra Fuentes no Convencionales de Energ\u00eda UTN-FRRo, especializado en Energ\u00eda E\u00f3lica. Profesional asistente en el sector de Control Post Operativo \u2013 Gerencia de Transacciones Comerciales CAMMESA.<\/div>\n<\/div>\n<div class=\"col\">\n<p><img loading=\"lazy\" decoding=\"async\" class=\"aligncenter wp-image-519 size-full\" src=\"http:\/\/www.oesutnrosario.org\/wp-content\/uploads\/2017\/04\/11.VEUTRO_Ignacio_Circle.png\" alt=\"\" width=\"110\" height=\"110\" \/><\/p>\n<div style=\"font-family: 'Montserrat', sans-serif; text-align: center; font-size: 16px; font-weight: 600;\">Ignacio VEUTRO<\/div>\n<div class=\"cols-wrapper cols-2\">\n<div class=\"col\"><a href=\"mailto:ignacioveutro@hotmail.com?Subject=Contacto desde Sitio Web OES\"><img loading=\"lazy\" decoding=\"async\" class=\"aligncenter size-full wp-image-129\" src=\"http:\/\/www.oesutnrosario.org\/wp-content\/uploads\/2017\/04\/mail.png\" alt=\"\" width=\"32\" height=\"32\" \/><\/a><\/div>\n<div class=\"col nomargin\"><a href=\"https:\/\/www.linkedin.com\/in\/ignacio-j-veutro-7ba33449\/\" target=\"_blank\" rel=\"noopener noreferrer\"><img loading=\"lazy\" decoding=\"async\" class=\"aligncenter size-full wp-image-131\" src=\"http:\/\/www.oesutnrosario.org\/wp-content\/uploads\/2017\/04\/linkedin.png\" alt=\"\" width=\"32\" height=\"32\" \/><\/a><\/div>\n<\/div>\n<div style=\"font-family: 'Montserrat', sans-serif; font-size: 12px; font-weight: 300; text-align: center;\">Ingeniero Mec\u00e1nico. Especialista en Energ\u00eda Hidrocin\u00e9tica. Titular de Consultora VD Ingenier\u00eda.<\/div>\n<\/div>\n<div class=\"col nomargin\">\n<p><img loading=\"lazy\" decoding=\"async\" class=\"aligncenter wp-image-520 size-full\" src=\"http:\/\/www.oesutnrosario.org\/wp-content\/uploads\/2017\/04\/12.LENOIR_IMPROTA_Rafaela_Circle.png\" alt=\"\" width=\"110\" height=\"110\" \/><\/p>\n<div style=\"font-family: 'Montserrat', sans-serif; text-align: center; font-size: 16px; font-weight: 600;\">Rafaella LENOIR IMPROTA<\/div>\n<p><a href=\"mailto:rafaellalenoir@gmail.com?Subject=Contacto desde Sitio Web OES\"><img loading=\"lazy\" decoding=\"async\" class=\"aligncenter size-full wp-image-129\" src=\"http:\/\/www.oesutnrosario.org\/wp-content\/uploads\/2017\/04\/mail.png\" alt=\"\" width=\"32\" height=\"32\" \/><\/a><\/p>\n<div style=\"font-family: 'Montserrat', sans-serif; font-size: 12px; font-weight: 300; text-align: center;\">Psic\u00f3loga. Master in Science en Psicolog\u00eda Ambiental. Doctora en Psicolog\u00eda Social por la Universidad de Barcelona. Su trabajo est\u00e1 enfocado en explorar y destacar las dimensiones sociales de las infraestructuras renovables y en el an\u00e1lisis de las pol\u00edticas p\u00fablicas del sector energ\u00e9tico.<\/div>\n<\/div>\n<\/div>\n<div class=\"cols-wrapper cols-4\">\n<div class=\"col\">\n<p><img loading=\"lazy\" decoding=\"async\" class=\"aligncenter wp-image-525 size-full\" src=\"http:\/\/www.oesutnrosario.org\/wp-content\/uploads\/2017\/04\/13.GOMEZ_Gonzalo_Circle.png\" alt=\"\" width=\"110\" height=\"110\" \/><\/p>\n<div style=\"font-family: 'Montserrat', sans-serif; text-align: center; font-size: 16px; font-weight: 600;\">Gonzalo\u00a0G\u00d3MEZ<\/div>\n<p><a href=\"mailto:gonzalogomez@fabrifor.com?Subject=Contacto desde Sitio Web OES\"><img loading=\"lazy\" decoding=\"async\" class=\"aligncenter size-full wp-image-129\" src=\"http:\/\/www.oesutnrosario.org\/wp-content\/uploads\/2017\/04\/mail.png\" alt=\"\" width=\"32\" height=\"32\" \/><\/a><\/p>\n<div style=\"font-family: 'Montserrat', sans-serif; font-size: 12px; font-weight: 300; text-align: center;\">Ingeniero Electricista. Docente de la c\u00e1tedra M\u00e1quinas El\u00e9ctricas 2 (UTN &#8211; FRRO) y Teor\u00eda de los Campos (UTN \u2013 FRRO). Miembro de Fabrifor, empresa especializada en rebobinado, mantenimiento, ensayos y venta de motores el\u00e9ctricos.<\/div>\n<\/div>\n<div class=\"col\">\n<p><img loading=\"lazy\" decoding=\"async\" class=\"aligncenter wp-image-526 size-full\" src=\"http:\/\/www.oesutnrosario.org\/wp-content\/uploads\/2017\/04\/14.MARINO_Edgardo_Circle.png\" alt=\"\" width=\"110\" height=\"110\" \/><\/p>\n<div style=\"font-family: 'Montserrat', sans-serif; text-align: center; font-size: 16px; font-weight: 600;\">Edgardo MARINO<\/div>\n<p><a href=\"mailto:emirino0@live.com?Subject=Contacto desde Sitio Web OES\"><img loading=\"lazy\" decoding=\"async\" class=\"aligncenter size-full wp-image-129\" src=\"http:\/\/www.oesutnrosario.org\/wp-content\/uploads\/2017\/04\/mail.png\" alt=\"\" width=\"32\" height=\"32\" \/><\/a><\/p>\n<div style=\"font-family: 'Montserrat', sans-serif; text-align: center; font-size: 12px; font-weight: 300;\">Ingeniero Electricista. Coordinador \u00c1rea Investigaci\u00f3n del OES. Dedicaci\u00f3n exclusiva. Investigador Categor\u00eda V \u2013 Categor\u00eda D (UTN). Profesor Ordinario Asociado UTN-FRRo en las c\u00e1tedras de Integraci\u00f3n El\u00e9ctrica II y Electromedicina. Jefe de Laboratorio de Electromedicina. Integrante de la UGPSyT (Unidad de Gesti\u00f3n de Pr\u00e1ctica Profesional Supervisada y Tutor\u00edas) del Departamento Ingenier\u00eda El\u00e9ctrica de la UTN\u2013FRRo.<br \/>\nAntecedentes como investigador: Categor\u00eda \u201cV\u201d o \u201c5\u201d, otorgada seg\u00fan resoluci\u00f3n CRCCE N\u00ba414\/2010 por la Comisi\u00f3n Regional de Categorizaci\u00f3n Centro-Este<br \/>\nAntecedentes como investigador: Categor\u00eda \u201cD\u201d, otorgada seg\u00fan resoluci\u00f3n1490\/2010, en la rama Actividad Investigaci\u00f3n Tecnol\u00f3gica e Ingenier\u00eda.<\/div>\n<\/div>\n<div class=\"col\">\n<p><img loading=\"lazy\" decoding=\"async\" class=\"aligncenter wp-image-529 size-full\" src=\"http:\/\/www.oesutnrosario.org\/wp-content\/uploads\/2017\/04\/15.SAENZ_Circle.png\" alt=\"\" width=\"110\" height=\"110\" \/><\/p>\n<div style=\"font-family: 'Montserrat', sans-serif; text-align: center; font-size: 16px; font-weight: 600;\">Jorge S\u00c1ENZ<\/div>\n<p><a href=\"mailto:saenzjorgecu@yahoo.com.ar?Subject=Contacto desde Sitio Web OES\"><img loading=\"lazy\" decoding=\"async\" class=\"aligncenter size-full wp-image-129\" src=\"http:\/\/www.oesutnrosario.org\/wp-content\/uploads\/2017\/04\/mail.png\" alt=\"\" width=\"32\" height=\"32\" \/><\/a><\/p>\n<div style=\"font-family: 'Montserrat', sans-serif; font-size: 12px; font-weight: 300; text-align: center;\">Ingeniero Electricista. Profesor Ordinario de la C\u00e1tedra de Instrumentos y Mediciones El\u00e9ctricas.en UTN FRRO.<br \/>\nEspecializado en Sistemas de Medici\u00f3n de Grandes Vol\u00famenes de Energ\u00eda El\u00e9ctrica y Redes El\u00e9ctricas Inteligentes.<\/div>\n<\/div>\n<div class=\"col nomargin\">\n<p><img loading=\"lazy\" decoding=\"async\" class=\"aligncenter size-full wp-image-605\" src=\"http:\/\/www.oesutnrosario.org\/wp-content\/uploads\/2017\/06\/16.CASTELLO_Marcelo_Circle.png\" alt=\"\" width=\"110\" height=\"110\" \/><\/p>\n<div style=\"font-family: 'Montserrat', sans-serif; text-align: center; font-size: 16px; font-weight: 600;\">Marcelo CASTELLO<\/div>\n<p><a href=\"mailto:castello.marcelo@gmail.com?Subject=Contacto desde Sitio Web OES\"><img loading=\"lazy\" decoding=\"async\" class=\"aligncenter size-full wp-image-129\" src=\"http:\/\/www.oesutnrosario.org\/wp-content\/uploads\/2017\/04\/mail.png\" alt=\"\" width=\"32\" height=\"32\" \/><\/a><\/p>\n<div style=\"font-family: 'Montserrat', sans-serif; font-size: 12px; font-weight: 300; text-align: center;\">Ing. Electricista con orientaci\u00f3n electr\u00f3nica. JTP de Control Autom\u00e1tico, Jefe del laboratorio de Computaci\u00f3n Aplicada del Dto. de Ingenier\u00eda El\u00e9ctrica.Desarroll\u00f3 vasta experiencia en implementaci\u00f3n de soluciones inform\u00e1ticas con software open source.Ha dictado cursos de desarollo de sistemas de control a traves de internet.Trabaja adem\u00e1s en desarrollo e implementaci\u00f3n de sistemas con software libre en la Municipalidad de Rosario.<\/div>\n<\/div>\n<\/div>\n","protected":false},"excerpt":{"rendered":"<p>Pablo BERTINAT Profesor Titular Dedicaci\u00f3n Exclusiva de Fuentes No Convencionales de Energ\u00eda (UTN FRRo). Director del Observatorio de Energ\u00eda y Sustentabilidad (OES UTN FRRo).Docente de posgrado en diversas Universidades. Investigador y director de proyectos de investigaci\u00f3n.Autor de diversos libros y art\u00edculos. Es consultor de organizaciones,gobiernos y movimientos sociales sobre temas de energ\u00eda y sustentabilidad. Juan [&hellip;]<\/p>\n","protected":false},"author":1,"featured_media":0,"parent":0,"menu_order":0,"comment_status":"closed","ping_status":"closed","template":"template-full-custom.php","meta":{"footnotes":""},"class_list":["post-567","page","type-page","status-publish","hentry"],"_links":{"self":[{"href":"http:\/\/oesutnrosario.org\/sitio\/wp-json\/wp\/v2\/pages\/567","targetHints":{"allow":["GET"]}}],"collection":[{"href":"http:\/\/oesutnrosario.org\/sitio\/wp-json\/wp\/v2\/pages"}],"about":[{"href":"http:\/\/oesutnrosario.org\/sitio\/wp-json\/wp\/v2\/types\/page"}],"author":[{"embeddable":true,"href":"http:\/\/oesutnrosario.org\/sitio\/wp-json\/wp\/v2\/users\/1"}],"replies":[{"embeddable":true,"href":"http:\/\/oesutnrosario.org\/sitio\/wp-json\/wp\/v2\/comments?post=567"}],"version-history":[{"count":29,"href":"http:\/\/oesutnrosario.org\/sitio\/wp-json\/wp\/v2\/pages\/567\/revisions"}],"predecessor-version":[{"id":945,"href":"http:\/\/oesutnrosario.org\/sitio\/wp-json\/wp\/v2\/pages\/567\/revisions\/945"}],"wp:attachment":[{"href":"http:\/\/oesutnrosario.org\/sitio\/wp-json\/wp\/v2\/media?parent=567"}],"curies":[{"name":"wp","href":"https:\/\/api.w.org\/{rel}","templated":true}]}}